{"id":586,"date":"2025-06-17T10:43:44","date_gmt":"2025-06-17T10:43:44","guid":{"rendered":"https:\/\/cela.com.co\/?page_id=586"},"modified":"2025-08-07T22:29:43","modified_gmt":"2025-08-07T22:29:43","slug":"lck","status":"publish","type":"page","link":"https:\/\/cela.com.co\/index.php\/lck\/","title":{"rendered":"1.5 Codificaci\u00f3n Kardeciana"},"content":{"rendered":"<!--themify_builder_content-->\n<div id=\"themify_builder_content-586\" data-postid=\"586\" class=\"themify_builder_content themify_builder_content-586 themify_builder tf_clear\">\n                    <div  data-css_id=\"wl2f159\" data-lazy=\"1\" class=\"module_row themify_builder_row fullwidth tb_wl2f159 tb_first tf_w\">\n                        <div class=\"row_inner col_align_top tb_col_count_1 tf_box tf_rel\">\n                        <div  data-lazy=\"1\" class=\"module_column tb-column col-full tb_l3bp161 first\">\n                    <!-- module text -->\n<div  class=\"module module-text tb_e7y3161   \" data-lazy=\"1\">\n        <div  class=\"tb_text_wrap\">\n        <h1>La Codificaci\u00f3n Esp\u00edrita<\/h1>    <\/div>\n<\/div>\n<!-- \/module text -->        <\/div>\n                        <\/div>\n        <\/div>\n                        <div  data-lazy=\"1\" class=\"module_row themify_builder_row tb_y68i159 tf_w\">\n                        <div class=\"row_inner col_align_top tb_col_count_1 tf_box tf_rel\">\n                        <div  data-lazy=\"1\" class=\"module_column tb-column col-full tb_zlqr163 first\">\n                    <!-- module text -->\n<div  class=\"module module-text tb_mafe164    wow\" data-tf-animation=\"fadeInUp\" data-tf-animation_delay=\".3\" data-lazy=\"1\">\n        <div  class=\"tb_text_wrap\">\n        <section id=\"sec-c45a\" class=\"u-clearfix u-white u-section-2\">\n<div class=\"u-clearfix u-sheet u-valign-middle-md u-valign-middle-sm u-valign-middle-xs u-sheet-1\">\n<div class=\"u-align-center-xs u-align-left-lg u-align-left-md u-align-left-sm u-align-left-xl u-container-style u-expanded-width-xs u-group u-radius-30 u-shape-round u-white u-group-1 animated customAnimationIn\" data-animation-name=\"customAnimationIn\" data-animation-duration=\"1500\" data-animation-delay=\"500\">\n<div class=\"u-container-layout u-valign-middle u-container-layout-1\">\n<p class=\"u-text u-text-3\">La Codificaci\u00f3n Esp\u00edrita es el nombre que se le d\u00e1 a los 5 libros b\u00e1sicos escritos por El \u00abEsp\u00edritu de Verdad\u00bb y Allan Kardec y que sustentan la Doctrina Esp\u00edrita o el Espiritismo. Los exponemos a continuaci\u00f3n en el orden en que fueron publicados:<\/p>\n<\/div>\n<\/div>\n<\/div>\n<\/section>    <\/div>\n<\/div>\n<!-- \/module text -->        <\/div>\n                        <\/div>\n        <\/div>\n                        <div  data-lazy=\"1\" class=\"module_row themify_builder_row tb_5sdp159 tf_w\">\n                        <div class=\"row_inner col_align_top tb_col_count_1 tf_box tf_rel\">\n                        <div  data-lazy=\"1\" class=\"module_column tb-column col-full tb_dzel165 first\">\n                            <div  data-lazy=\"1\" class=\"module_subrow themify_builder_sub_row tf_w col_align_middle tb_col_count_2 tb_tdo6165\">\n                <div  data-lazy=\"1\" class=\"module_column sub_column tb_7j40165 first\">\n                    <!-- module image -->\n<div  class=\"module module-image tb_gsxx166 image-center rounded  tf_mw\" data-lazy=\"1\" data-lax-translate-y=\"(vh*1) 0,(vh*0) -70\" data-lax=\"true\">\n        <div class=\"image-wrap tf_rel tf_mw\">\n            <img loading=\"lazy\" decoding=\"async\" src=\"https:\/\/cela.com.co\/wp-content\/uploads\/2025\/06\/1-681x1024-250x375.png\" width=\"250\" height=\"375\" class=\"wp-post-image wp-image-601\" title=\"1\" alt=\"1\" srcset=\"https:\/\/cela.com.co\/wp-content\/uploads\/2025\/06\/1-681x1024-250x375.png 250w, https:\/\/cela.com.co\/wp-content\/uploads\/2025\/06\/1-200x300.png 200w, https:\/\/cela.com.co\/wp-content\/uploads\/2025\/06\/1-681x1024.png 681w, https:\/\/cela.com.co\/wp-content\/uploads\/2025\/06\/1-768x1155.png 768w, https:\/\/cela.com.co\/wp-content\/uploads\/2025\/06\/1.png 898w\" sizes=\"auto, (max-width: 250px) 100vw, 250px\" \/>    \n        <\/div>\n    <!-- \/image-wrap -->\n    \n        <\/div>\n<!-- \/module image -->        <\/div>\n                    <div  data-lazy=\"1\" class=\"module_column sub_column tb_dgl7166 last\">\n                    <!-- module text -->\n<div  class=\"module module-text tb_shiz166    wow\" data-tf-animation=\"fadeInRight\" data-lazy=\"1\">\n        <div  class=\"tb_text_wrap\">\n        <h4>El Libro de los Esp\u00edritus<\/h4>\n<div class=\"u-align-center-xs u-align-left-lg u-align-left-md u-align-left-sm u-align-left-xl u-container-style u-layout-cell u-left-cell u-size-40 u-layout-cell-1\">\n<div class=\"u-container-layout u-valign-bottom-xs u-container-layout-1\">\n<p class=\"u-text u-text-2\">Con la publicaci\u00f3n de este libro, nace el Espiritismo o Doctrina Esp\u00edrita, contiene todos los principios doctrinarios, sobre la inmortalidad del alma, la naturaleza de los Esp\u00edritus y sus relaciones con los hombres, las leyes morales, la vida presente, la vida futura y el porvenir de la Humanidad, seg\u00fan la ense\u00f1anza dada por los Esp\u00edritus superiores con la ayuda de diversos m\u00e9diums.<\/p>\n<p><a class=\"u-border-2 u-border-hover-palette-2-base u-border-palette-4-base u-btn u-button-style u-hover-palette-2-base u-palette-4-base u-text-hover-white u-text-palette-2-base u-btn-1\" href=\"https:\/\/drive.google.com\/file\/d\/1z57syR719tF3HpSGnR_CWAt7k5RiVlt_\/view?usp=sharing\" target=\"_blank\" rel=\"noopener\">Desc\u00e1rgalo<\/a><\/p>\n<\/div>\n<\/div>    <\/div>\n<\/div>\n<!-- \/module text -->        <\/div>\n                    <\/div>\n                <div  data-lazy=\"1\" class=\"module_subrow themify_builder_sub_row tf_w col_align_middle tb_col_count_2 tb_ugou167\">\n                <div  data-lazy=\"1\" class=\"module_column sub_column tb_3oup168 first\">\n                    <!-- module text -->\n<div  class=\"module module-text tb_jfny169    wow\" data-tf-animation=\"fadeInLeft\" data-lazy=\"1\">\n        <div  class=\"tb_text_wrap\">\n        <h4>El libro de los M\u00e9diums<\/h4>\n<section id=\"carousel_2f47\" class=\"u-clearfix u-section-4\">\n<div class=\"u-clearfix u-sheet u-valign-middle-lg u-valign-middle-md u-valign-middle-sm u-valign-middle-xl u-sheet-1\">\n<div class=\"u-clearfix u-expanded-width u-gutter-0 u-layout-spacing-vertical u-layout-wrap u-layout-wrap-1\">\n<div class=\"u-layout\">\n<div class=\"u-layout-row\">\n<div class=\"u-align-center-xs u-align-left-lg u-align-left-md u-align-left-sm u-align-left-xl u-container-style u-layout-cell u-left-cell u-size-40 u-layout-cell-2\">\n<div class=\"u-container-layout u-container-layout-2\">\n<p class=\"u-text u-text-2\">Contiene una ense\u00f1anza especial de los Esp\u00edritus sobre la teor\u00eda de todos los tipos de manifestaci\u00f3n medi\u00famnicas, los medios de comunicarse con el mundo invisible, el desarrollo de la mediumnidad, las dificultades y los escollos que se pueden encontrar en la pr\u00e1ctica del Espiritismo. Este libro es la continuaci\u00f3n del \u00abLibro de los Esp\u00edritus\u00bb.<\/p>\n<p><a class=\"u-border-2 u-border-hover-palette-2-base u-border-palette-4-base u-btn u-button-style u-hover-palette-2-base u-palette-4-base u-text-hover-white u-text-palette-2-base u-btn-1\" href=\"https:\/\/drive.google.com\/file\/d\/1CYloo5wNtUgCZW9RkUuga5lDAzknxqka\/view?usp=sharing\" target=\"_blank\" rel=\"noopener\">Desc\u00e1rgarlo <span class=\"u-icon u-text-palette-2-base\"><img><\/span><\/a><\/p>\n<\/div>\n<\/div>\n<\/div>\n<\/div>\n<\/div>\n<\/div>\n<\/section>\n<section id=\"carousel_eabe\" class=\"u-clearfix u-section-5\">\n<div class=\"u-clearfix u-sheet u-valign-middle u-sheet-1\">\n<div class=\"u-clearfix u-expanded-width u-gutter-0 u-layout-spacing-vertical u-layout-wrap u-layout-wrap-1\">\n<div class=\"u-layout\">\n<div class=\"u-layout-row\">\n<div class=\"u-align-center-xs u-align-left-lg u-align-left-md u-align-left-sm u-align-left-xl u-container-style u-layout-cell u-left-cell u-size-40 u-layout-cell-1\">\n<div class=\"u-container-layout u-valign-bottom-xs u-container-layout-1\">\u00a0<\/div>\n<\/div>\n<\/div>\n<\/div>\n<\/div>\n<\/div>\n<\/section>    <\/div>\n<\/div>\n<!-- \/module text -->        <\/div>\n                    <div  data-lazy=\"1\" class=\"module_column sub_column tb_vavl167 last\">\n                    <!-- module image -->\n<div  class=\"module module-image tb_wwu6167 image-center rounded  tf_mw\" data-lazy=\"1\" data-lax-translate-y=\"(vh*1) 0,(vh*0) -70\" data-lax=\"true\">\n        <div class=\"image-wrap tf_rel tf_mw\">\n            <img loading=\"lazy\" decoding=\"async\" src=\"https:\/\/cela.com.co\/wp-content\/uploads\/2025\/06\/4-681x1024-250x375.png\" width=\"250\" height=\"375\" class=\"wp-post-image wp-image-602\" title=\"4\" alt=\"4\" srcset=\"https:\/\/cela.com.co\/wp-content\/uploads\/2025\/06\/4-681x1024-250x375.png 250w, https:\/\/cela.com.co\/wp-content\/uploads\/2025\/06\/4-200x300.png 200w, https:\/\/cela.com.co\/wp-content\/uploads\/2025\/06\/4-681x1024.png 681w, https:\/\/cela.com.co\/wp-content\/uploads\/2025\/06\/4-768x1155.png 768w, https:\/\/cela.com.co\/wp-content\/uploads\/2025\/06\/4.png 898w\" sizes=\"auto, (max-width: 250px) 100vw, 250px\" \/>    \n        <\/div>\n    <!-- \/image-wrap -->\n    \n        <\/div>\n<!-- \/module image -->        <\/div>\n                    <\/div>\n                <\/div>\n                        <\/div>\n        <\/div>\n                        <div  data-lazy=\"1\" class=\"module_row themify_builder_row tb_f309549 tf_w\">\n                        <div class=\"row_inner col_align_top tb_col_count_1 tf_box tf_rel\">\n                        <div  data-lazy=\"1\" class=\"module_column tb-column col-full tb_gtti549 first\">\n                            <div  data-lazy=\"1\" class=\"module_subrow themify_builder_sub_row tf_w col_align_middle tb_col_count_2 tb_lo9d549\">\n                <div  data-lazy=\"1\" class=\"module_column sub_column tb_uray549 first\">\n                    <!-- module image -->\n<div  class=\"module module-image tb_dg7c549 image-center rounded  tf_mw\" data-lazy=\"1\" data-lax-translate-y=\"(vh*1) 0,(vh*0) -70\" data-lax=\"true\">\n        <div class=\"image-wrap tf_rel tf_mw\">\n            <img loading=\"lazy\" decoding=\"async\" src=\"https:\/\/cela.com.co\/wp-content\/uploads\/2025\/06\/2-681x1024-250x375.png\" width=\"250\" height=\"375\" class=\"wp-post-image wp-image-603\" title=\"2\" alt=\"2\" srcset=\"https:\/\/cela.com.co\/wp-content\/uploads\/2025\/06\/2-681x1024-250x375.png 250w, https:\/\/cela.com.co\/wp-content\/uploads\/2025\/06\/2-200x300.png 200w, https:\/\/cela.com.co\/wp-content\/uploads\/2025\/06\/2-681x1024.png 681w, https:\/\/cela.com.co\/wp-content\/uploads\/2025\/06\/2-768x1155.png 768w, https:\/\/cela.com.co\/wp-content\/uploads\/2025\/06\/2.png 898w\" sizes=\"auto, (max-width: 250px) 100vw, 250px\" \/>    \n        <\/div>\n    <!-- \/image-wrap -->\n    \n        <\/div>\n<!-- \/module image -->        <\/div>\n                    <div  data-lazy=\"1\" class=\"module_column sub_column tb_6jiy549 last\">\n                    <!-- module text -->\n<div  class=\"module module-text tb_9ow6549    wow\" data-tf-animation=\"fadeInRight\" data-lazy=\"1\">\n        <div  class=\"tb_text_wrap\">\n        <h4>El evangelio seg\u00fan el Espiritismo<\/h4>\n<div class=\"u-align-center-xs u-align-left-lg u-align-left-md u-align-left-sm u-align-left-xl u-container-style u-layout-cell u-left-cell u-size-40 u-layout-cell-1\">\n<div class=\"u-container-layout u-valign-bottom-xs u-container-layout-1\">\n<div class=\"u-align-center-xs u-align-left-lg u-align-left-md u-align-left-sm u-align-left-xl u-container-style u-layout-cell u-left-cell u-size-40 u-layout-cell-1\">\n<div class=\"u-container-layout u-valign-bottom-xs u-container-layout-1\">\n<p class=\"u-text u-text-2\">Este libro contiene la explicaci\u00f3n de las m\u00e1ximas morales de Cristo, su concordancia con el Espiritismo y su aplicaci\u00f3n a las diversas posiciones de la vida. \u00abLos esp\u00edritus del Se\u00f1or que son las virtudes de los cielos, se esparcen (..) vienen a iluminar el camino y a abrir los ojos a los ciegos\u00bb.<\/p>\n<p><a class=\"u-border-2 u-border-hover-palette-2-base u-border-palette-4-base u-btn u-button-style u-hover-palette-2-base u-palette-4-base u-text-hover-white u-text-palette-2-base u-btn-1\" href=\"https:\/\/drive.google.com\/file\/d\/10jLMfKWSXHklT_Hq6PzbMCao6rvMCdB2\/view?usp=sharing\" target=\"_blank\" rel=\"noopener\">Desc\u00e1rgarlo <span class=\"u-icon u-text-palette-2-base\"><img><\/span><\/a><\/p>\n<\/div>\n<\/div>\n<\/div>\n<\/div>    <\/div>\n<\/div>\n<!-- \/module text -->        <\/div>\n                    <\/div>\n                <div  data-lazy=\"1\" class=\"module_subrow themify_builder_sub_row tf_w col_align_middle tb_col_count_2 tb_mms5549\">\n                <div  data-lazy=\"1\" class=\"module_column sub_column tb_0fc6549 first\">\n                    <!-- module text -->\n<div  class=\"module module-text tb_gktm549    wow\" data-tf-animation=\"fadeInLeft\" data-lazy=\"1\">\n        <div  class=\"tb_text_wrap\">\n        <h4>El cielo y el infierno<\/h4>\n<section id=\"carousel_2f47\" class=\"u-clearfix u-section-4\">\n<div class=\"u-clearfix u-sheet u-valign-middle-lg u-valign-middle-md u-valign-middle-sm u-valign-middle-xl u-sheet-1\">\n<div class=\"u-clearfix u-expanded-width u-gutter-0 u-layout-spacing-vertical u-layout-wrap u-layout-wrap-1\">\n<div class=\"u-layout\">\n<div class=\"u-layout-row\">\n<div class=\"u-align-center-xs u-align-left-lg u-align-left-md u-align-left-sm u-align-left-xl u-container-style u-layout-cell u-left-cell u-size-40 u-layout-cell-2\">\n<div class=\"u-container-layout u-container-layout-2\">\n<p class=\"u-text u-text-2\">Contiene una ense\u00f1anza especial de los Esp\u00edritus sobre la teor\u00eda de todos los tipos de manifestaci\u00f3n medi\u00famnicas, los medios de comunicarse con el mundo invisible, el desarrollo de la mediumnidad, las dificultades y los escollos que se pueden encontrar en la pr\u00e1ctica del Espiritismo. Este libro es la continuaci\u00f3n del \u00abLibro de los Esp\u00edritus\u00bb.<\/p>\n<p><a class=\"u-border-2 u-border-hover-palette-2-base u-border-palette-4-base u-btn u-button-style u-hover-palette-2-base u-palette-4-base u-text-hover-white u-text-palette-2-base u-btn-1\" href=\"https:\/\/drive.google.com\/file\/d\/1souMTdBJ-w6zFL0RgTWQff5Nzf8RP-1c\/view?usp=sharing\" target=\"_blank\" rel=\"noopener\">Desc\u00e1rgarlo <span class=\"u-icon u-text-palette-2-base\"><img><\/span><\/a><\/p>\n<\/div>\n<\/div>\n<\/div>\n<\/div>\n<\/div>\n<\/div>\n<\/section>\n<section id=\"carousel_eabe\" class=\"u-clearfix u-section-5\">\n<div class=\"u-clearfix u-sheet u-valign-middle u-sheet-1\">\n<div class=\"u-clearfix u-expanded-width u-gutter-0 u-layout-spacing-vertical u-layout-wrap u-layout-wrap-1\">\n<div class=\"u-layout\">\n<div class=\"u-layout-row\">\n<div class=\"u-align-center-xs u-align-left-lg u-align-left-md u-align-left-sm u-align-left-xl u-container-style u-layout-cell u-left-cell u-size-40 u-layout-cell-1\">\n<div class=\"u-container-layout u-valign-bottom-xs u-container-layout-1\">\u00a0<\/div>\n<\/div>\n<\/div>\n<\/div>\n<\/div>\n<\/div>\n<\/section>    <\/div>\n<\/div>\n<!-- \/module text -->        <\/div>\n                    <div  data-lazy=\"1\" class=\"module_column sub_column tb_ib76549 last\">\n                    <!-- module image -->\n<div  class=\"module module-image tb_omfi549 image-center rounded  tf_mw\" data-lazy=\"1\" data-lax-translate-y=\"(vh*1) 0,(vh*0) -70\" data-lax=\"true\">\n        <div class=\"image-wrap tf_rel tf_mw\">\n            <img loading=\"lazy\" decoding=\"async\" src=\"https:\/\/cela.com.co\/wp-content\/uploads\/2025\/06\/3-681x1024-250x375.png\" width=\"250\" height=\"375\" class=\"wp-post-image wp-image-604\" title=\"3\" alt=\"3\" srcset=\"https:\/\/cela.com.co\/wp-content\/uploads\/2025\/06\/3-681x1024-250x375.png 250w, https:\/\/cela.com.co\/wp-content\/uploads\/2025\/06\/3-200x300.png 200w, https:\/\/cela.com.co\/wp-content\/uploads\/2025\/06\/3-681x1024.png 681w, https:\/\/cela.com.co\/wp-content\/uploads\/2025\/06\/3-768x1155.png 768w, https:\/\/cela.com.co\/wp-content\/uploads\/2025\/06\/3.png 898w\" sizes=\"auto, (max-width: 250px) 100vw, 250px\" \/>    \n        <\/div>\n    <!-- \/image-wrap -->\n    \n        <\/div>\n<!-- \/module image -->        <\/div>\n                    <\/div>\n                <div  data-lazy=\"1\" class=\"module_subrow themify_builder_sub_row tf_w col_align_middle tb_col_count_2 tb_zxw0865\">\n                <div  data-lazy=\"1\" class=\"module_column sub_column tb_b3z6865 first\">\n                    <!-- module image -->\n<div  class=\"module module-image tb_77cl865 image-center rounded  tf_mw\" data-lazy=\"1\" data-lax-translate-y=\"(vh*1) 0,(vh*0) -70\" data-lax=\"true\">\n        <div class=\"image-wrap tf_rel tf_mw\">\n            <img loading=\"lazy\" decoding=\"async\" src=\"https:\/\/cela.com.co\/wp-content\/uploads\/2025\/06\/5-681x1024-250x375.png\" width=\"250\" height=\"375\" class=\"wp-post-image wp-image-605\" title=\"5\" alt=\"5\" srcset=\"https:\/\/cela.com.co\/wp-content\/uploads\/2025\/06\/5-681x1024-250x375.png 250w, https:\/\/cela.com.co\/wp-content\/uploads\/2025\/06\/5-200x300.png 200w, https:\/\/cela.com.co\/wp-content\/uploads\/2025\/06\/5-681x1024.png 681w, https:\/\/cela.com.co\/wp-content\/uploads\/2025\/06\/5-768x1155.png 768w, https:\/\/cela.com.co\/wp-content\/uploads\/2025\/06\/5.png 898w\" sizes=\"auto, (max-width: 250px) 100vw, 250px\" \/>    \n        <\/div>\n    <!-- \/image-wrap -->\n    \n        <\/div>\n<!-- \/module image -->        <\/div>\n                    <div  data-lazy=\"1\" class=\"module_column sub_column tb_0o93865 last\">\n                    <!-- module text -->\n<div  class=\"module module-text tb_e1ns865    wow\" data-tf-animation=\"fadeInLeft\" data-lazy=\"1\">\n        <div  class=\"tb_text_wrap\">\n        <h4>La G\u00e9nesis<a class=\"u-border-2 u-border-hover-palette-2-base u-border-palette-4-base u-btn u-button-style u-hover-palette-2-base u-palette-4-base u-text-hover-white u-text-palette-2-base u-btn-1\" href=\"https:\/\/drive.google.com\/file\/d\/1CYloo5wNtUgCZW9RkUuga5lDAzknxqka\/view?usp=sharing\" target=\"_blank\" rel=\"noopener\"><span class=\"u-icon u-text-palette-2-base\"><img><\/span><\/a><\/h4>\n<section id=\"carousel_eabe\" class=\"u-clearfix u-section-5\">\n<div class=\"u-clearfix u-sheet u-valign-middle u-sheet-1\">\n<div class=\"u-clearfix u-expanded-width u-gutter-0 u-layout-spacing-vertical u-layout-wrap u-layout-wrap-1\">\n<div class=\"u-layout\">\n<div class=\"u-layout-row\">\n<div class=\"u-align-center-xs u-align-left-lg u-align-left-md u-align-left-sm u-align-left-xl u-container-style u-layout-cell u-left-cell u-size-40 u-layout-cell-1\">\n<div class=\"u-container-layout u-valign-bottom-xs u-container-layout-1\">\n<div class=\"u-align-left-lg u-align-left-md u-align-left-sm u-align-left-xl u-container-style u-layout-cell u-left-cell u-size-40 u-layout-cell-1\">\n<div class=\"u-container-layout u-container-layout-1\">\n<p class=\"u-align-center-xs u-text u-text-2\">La Doctrina Esp\u00edrita es el resultado de la ense\u00f1anza colectiva y concordante de los Esp\u00edritus. La Ciencia est\u00e1 llamada a constituir La G\u00e9nesis seg\u00fan las leyes de la materia.\u00a0Dios prueba su grandeza y su poder por la inmutabilidad de sus leyes y no por la suspensi\u00f3n de las mismas. Para Dios, el pasado y el futuro son el presente.<\/p>\n<p><a class=\"u-border-2 u-border-hover-palette-2-base u-border-palette-4-base u-btn u-button-style u-hover-palette-2-base u-palette-4-base u-text-hover-white u-text-palette-2-base u-btn-1\" href=\"https:\/\/drive.google.com\/file\/d\/14bf3e8SBS7CNxlsbqLNBgIncFtY9a3CF\/view?usp=sharing\" target=\"_blank\" rel=\"noopener\">Desc\u00e1rgarlo <span class=\"u-icon u-text-palette-2-base\"><img><\/span><\/a><\/p>\n<\/div>\n<\/div>\n<div class=\"u-container-style u-image u-layout-cell u-right-cell u-size-20 u-image-1 lazyloaded\" data-image-width=\"1080\" data-image-height=\"1080\" data-bg=\"url(&quot;https:\/\/cela.com.co\/wp-content\/uploads\/2022\/03\/2.png.webp&quot;)\">\u00a0<\/div>\n<\/div>\n<\/div>\n<\/div>\n<\/div>\n<\/div>\n<\/div>\n<\/section>    <\/div>\n<\/div>\n<!-- \/module text -->        <\/div>\n                    <\/div>\n                <\/div>\n                        <\/div>\n        <\/div>\n        <\/div>\n<!--\/themify_builder_content-->","protected":false},"excerpt":{"rendered":"<p>La Codificaci\u00f3n Esp\u00edrita<\/p>\n","protected":false},"author":1,"featured_media":0,"parent":0,"menu_order":0,"comment_status":"closed","ping_status":"closed","template":"","meta":{"footnotes":""},"class_list":["post-586","page","type-page","status-publish","hentry","has-post-title","has-post-date","has-post-category","has-post-tag","has-post-comment","has-post-author",""],"yoast_head":"<!-- This site is optimized with the Yoast SEO plugin v27.0 - https:\/\/yoast.com\/product\/yoast-seo-wordpress\/ -->\n<title>1.5 Codificaci\u00f3n Kardeciana -<\/title>\n<meta name=\"robots\" content=\"index, follow, max-snippet:-1, max-image-preview:large, max-video-preview:-1\" \/>\n<link rel=\"canonical\" href=\"https:\/\/cela.com.co\/index.php\/lck\/\" \/>\n<meta property=\"og:locale\" content=\"es_ES\" \/>\n<meta property=\"og:type\" content=\"article\" \/>\n<meta property=\"og:title\" content=\"1.5 Codificaci\u00f3n Kardeciana -\" \/>\n<meta property=\"og:description\" content=\"La Codificaci\u00f3n Esp\u00edrita\" \/>\n<meta property=\"og:url\" content=\"https:\/\/cela.com.co\/index.php\/lck\/\" \/>\n<meta property=\"article:publisher\" content=\"https:\/\/www.facebook.com\/centroespiritaluzdeamor\" \/>\n<meta property=\"article:modified_time\" content=\"2025-08-07T22:29:43+00:00\" \/>\n<meta property=\"og:image\" content=\"https:\/\/cela.com.co\/wp-content\/uploads\/2025\/06\/1-681x1024-250x375.png\" \/>\n<meta name=\"twitter:card\" content=\"summary_large_image\" \/>\n<meta name=\"twitter:label1\" content=\"Tiempo de lectura\" \/>\n\t<meta name=\"twitter:data1\" content=\"2 minutos\" \/>\n<script type=\"application\/ld+json\" class=\"yoast-schema-graph\">{\"@context\":\"https:\/\/schema.org\",\"@graph\":[{\"@type\":\"WebPage\",\"@id\":\"https:\/\/cela.com.co\/index.php\/lck\/\",\"url\":\"https:\/\/cela.com.co\/index.php\/lck\/\",\"name\":\"1.5 Codificaci\u00f3n Kardeciana -\",\"isPartOf\":{\"@id\":\"https:\/\/cela.com.co\/#website\"},\"primaryImageOfPage\":{\"@id\":\"https:\/\/cela.com.co\/index.php\/lck\/#primaryimage\"},\"image\":{\"@id\":\"https:\/\/cela.com.co\/index.php\/lck\/#primaryimage\"},\"thumbnailUrl\":\"https:\/\/cela.com.co\/wp-content\/uploads\/2025\/06\/1-681x1024-250x375.png\",\"datePublished\":\"2025-06-17T10:43:44+00:00\",\"dateModified\":\"2025-08-07T22:29:43+00:00\",\"breadcrumb\":{\"@id\":\"https:\/\/cela.com.co\/index.php\/lck\/#breadcrumb\"},\"inLanguage\":\"es\",\"potentialAction\":[{\"@type\":\"ReadAction\",\"target\":[\"https:\/\/cela.com.co\/index.php\/lck\/\"]}]},{\"@type\":\"ImageObject\",\"inLanguage\":\"es\",\"@id\":\"https:\/\/cela.com.co\/index.php\/lck\/#primaryimage\",\"url\":\"https:\/\/cela.com.co\/wp-content\/uploads\/2025\/06\/1.png\",\"contentUrl\":\"https:\/\/cela.com.co\/wp-content\/uploads\/2025\/06\/1.png\",\"width\":898,\"height\":1350},{\"@type\":\"BreadcrumbList\",\"@id\":\"https:\/\/cela.com.co\/index.php\/lck\/#breadcrumb\",\"itemListElement\":[{\"@type\":\"ListItem\",\"position\":1,\"name\":\"Portada\",\"item\":\"https:\/\/cela.com.co\/\"},{\"@type\":\"ListItem\",\"position\":2,\"name\":\"1.5 Codificaci\u00f3n Kardeciana\"}]},{\"@type\":\"WebSite\",\"@id\":\"https:\/\/cela.com.co\/#website\",\"url\":\"https:\/\/cela.com.co\/\",\"name\":\"cela.com.co\",\"description\":\"Centro Esp\u00edrita Luz de Amor - CELA\",\"publisher\":{\"@id\":\"https:\/\/cela.com.co\/#organization\"},\"potentialAction\":[{\"@type\":\"SearchAction\",\"target\":{\"@type\":\"EntryPoint\",\"urlTemplate\":\"https:\/\/cela.com.co\/?s={search_term_string}\"},\"query-input\":{\"@type\":\"PropertyValueSpecification\",\"valueRequired\":true,\"valueName\":\"search_term_string\"}}],\"inLanguage\":\"es\"},{\"@type\":\"Organization\",\"@id\":\"https:\/\/cela.com.co\/#organization\",\"name\":\"Centro Esp\u00edrita Luz de Amor\",\"url\":\"https:\/\/cela.com.co\/\",\"logo\":{\"@type\":\"ImageObject\",\"inLanguage\":\"es\",\"@id\":\"https:\/\/cela.com.co\/#\/schema\/logo\/image\/\",\"url\":\"https:\/\/cela.com.co\/wp-content\/uploads\/2025\/10\/Diseno-sin-titulo.png\",\"contentUrl\":\"https:\/\/cela.com.co\/wp-content\/uploads\/2025\/10\/Diseno-sin-titulo.png\",\"width\":1200,\"height\":1200,\"caption\":\"Centro Esp\u00edrita Luz de Amor\"},\"image\":{\"@id\":\"https:\/\/cela.com.co\/#\/schema\/logo\/image\/\"},\"sameAs\":[\"https:\/\/www.facebook.com\/centroespiritaluzdeamor\",\"https:\/\/www.instagram.com\/centroespiritaluzdeamor\/\",\"https:\/\/www.youtube.com\/channel\/UCVUtvxYz5vNSeJWXt7SMdjw\",\"https:\/\/www.tiktok.com\/@centroespiritaluzdeamor?is_from_webapp=1&sender_device=pc\"]}]}<\/script>\n<!-- \/ Yoast SEO plugin. -->","yoast_head_json":{"title":"1.5 Codificaci\u00f3n Kardeciana -","robots":{"index":"index","follow":"follow","max-snippet":"max-snippet:-1","max-image-preview":"max-image-preview:large","max-video-preview":"max-video-preview:-1"},"canonical":"https:\/\/cela.com.co\/index.php\/lck\/","og_locale":"es_ES","og_type":"article","og_title":"1.5 Codificaci\u00f3n Kardeciana -","og_description":"La Codificaci\u00f3n Esp\u00edrita","og_url":"https:\/\/cela.com.co\/index.php\/lck\/","article_publisher":"https:\/\/www.facebook.com\/centroespiritaluzdeamor","article_modified_time":"2025-08-07T22:29:43+00:00","og_image":[{"url":"https:\/\/cela.com.co\/wp-content\/uploads\/2025\/06\/1-681x1024-250x375.png","type":"","width":"","height":""}],"twitter_card":"summary_large_image","twitter_misc":{"Tiempo de lectura":"2 minutos"},"schema":{"@context":"https:\/\/schema.org","@graph":[{"@type":"WebPage","@id":"https:\/\/cela.com.co\/index.php\/lck\/","url":"https:\/\/cela.com.co\/index.php\/lck\/","name":"1.5 Codificaci\u00f3n Kardeciana -","isPartOf":{"@id":"https:\/\/cela.com.co\/#website"},"primaryImageOfPage":{"@id":"https:\/\/cela.com.co\/index.php\/lck\/#primaryimage"},"image":{"@id":"https:\/\/cela.com.co\/index.php\/lck\/#primaryimage"},"thumbnailUrl":"https:\/\/cela.com.co\/wp-content\/uploads\/2025\/06\/1-681x1024-250x375.png","datePublished":"2025-06-17T10:43:44+00:00","dateModified":"2025-08-07T22:29:43+00:00","breadcrumb":{"@id":"https:\/\/cela.com.co\/index.php\/lck\/#breadcrumb"},"inLanguage":"es","potentialAction":[{"@type":"ReadAction","target":["https:\/\/cela.com.co\/index.php\/lck\/"]}]},{"@type":"ImageObject","inLanguage":"es","@id":"https:\/\/cela.com.co\/index.php\/lck\/#primaryimage","url":"https:\/\/cela.com.co\/wp-content\/uploads\/2025\/06\/1.png","contentUrl":"https:\/\/cela.com.co\/wp-content\/uploads\/2025\/06\/1.png","width":898,"height":1350},{"@type":"BreadcrumbList","@id":"https:\/\/cela.com.co\/index.php\/lck\/#breadcrumb","itemListElement":[{"@type":"ListItem","position":1,"name":"Portada","item":"https:\/\/cela.com.co\/"},{"@type":"ListItem","position":2,"name":"1.5 Codificaci\u00f3n Kardeciana"}]},{"@type":"WebSite","@id":"https:\/\/cela.com.co\/#website","url":"https:\/\/cela.com.co\/","name":"cela.com.co","description":"Centro Esp\u00edrita Luz de Amor - CELA","publisher":{"@id":"https:\/\/cela.com.co\/#organization"},"potentialAction":[{"@type":"SearchAction","target":{"@type":"EntryPoint","urlTemplate":"https:\/\/cela.com.co\/?s={search_term_string}"},"query-input":{"@type":"PropertyValueSpecification","valueRequired":true,"valueName":"search_term_string"}}],"inLanguage":"es"},{"@type":"Organization","@id":"https:\/\/cela.com.co\/#organization","name":"Centro Esp\u00edrita Luz de Amor","url":"https:\/\/cela.com.co\/","logo":{"@type":"ImageObject","inLanguage":"es","@id":"https:\/\/cela.com.co\/#\/schema\/logo\/image\/","url":"https:\/\/cela.com.co\/wp-content\/uploads\/2025\/10\/Diseno-sin-titulo.png","contentUrl":"https:\/\/cela.com.co\/wp-content\/uploads\/2025\/10\/Diseno-sin-titulo.png","width":1200,"height":1200,"caption":"Centro Esp\u00edrita Luz de Amor"},"image":{"@id":"https:\/\/cela.com.co\/#\/schema\/logo\/image\/"},"sameAs":["https:\/\/www.facebook.com\/centroespiritaluzdeamor","https:\/\/www.instagram.com\/centroespiritaluzdeamor\/","https:\/\/www.youtube.com\/channel\/UCVUtvxYz5vNSeJWXt7SMdjw","https:\/\/www.tiktok.com\/@centroespiritaluzdeamor?is_from_webapp=1&sender_device=pc"]}]}},"builder_content":"<h1>La Codificaci\u00f3n Esp\u00edrita<\/h1>\n<section id=\"sec-c45a\">\n<p>La Codificaci\u00f3n Esp\u00edrita es el nombre que se le d\u00e1 a los 5 libros b\u00e1sicos escritos por El \u00abEsp\u00edritu de Verdad\u00bb y Allan Kardec y que sustentan la Doctrina Esp\u00edrita o el Espiritismo. Los exponemos a continuaci\u00f3n en el orden en que fueron publicados:<\/p>\n<\/section>\n<img src=\"https:\/\/cela.com.co\/wp-content\/uploads\/2025\/06\/1-681x1024-250x375.png\" width=\"250\" height=\"375\" title=\"1\" alt=\"1\" srcset=\"https:\/\/cela.com.co\/wp-content\/uploads\/2025\/06\/1-681x1024-250x375.png 250w, https:\/\/cela.com.co\/wp-content\/uploads\/2025\/06\/1-200x300.png 200w, https:\/\/cela.com.co\/wp-content\/uploads\/2025\/06\/1-681x1024.png 681w, https:\/\/cela.com.co\/wp-content\/uploads\/2025\/06\/1-768x1155.png 768w, https:\/\/cela.com.co\/wp-content\/uploads\/2025\/06\/1.png 898w\" sizes=\"(max-width: 250px) 100vw, 250px\" \/>\n<h4>El Libro de los Esp\u00edritus<\/h4>\n<p>Con la publicaci\u00f3n de este libro, nace el Espiritismo o Doctrina Esp\u00edrita, contiene todos los principios doctrinarios, sobre la inmortalidad del alma, la naturaleza de los Esp\u00edritus y sus relaciones con los hombres, las leyes morales, la vida presente, la vida futura y el porvenir de la Humanidad, seg\u00fan la ense\u00f1anza dada por los Esp\u00edritus superiores con la ayuda de diversos m\u00e9diums.<\/p> <p><a href=\"https:\/\/drive.google.com\/file\/d\/1z57syR719tF3HpSGnR_CWAt7k5RiVlt_\/view?usp=sharing\" target=\"_blank\" rel=\"noopener\">Desc\u00e1rgalo<\/a><\/p>\n<h4>El libro de los M\u00e9diums<\/h4> <section id=\"carousel_2f47\">\n<p>Contiene una ense\u00f1anza especial de los Esp\u00edritus sobre la teor\u00eda de todos los tipos de manifestaci\u00f3n medi\u00famnicas, los medios de comunicarse con el mundo invisible, el desarrollo de la mediumnidad, las dificultades y los escollos que se pueden encontrar en la pr\u00e1ctica del Espiritismo. Este libro es la continuaci\u00f3n del \u00abLibro de los Esp\u00edritus\u00bb.<\/p> <p><a href=\"https:\/\/drive.google.com\/file\/d\/1CYloo5wNtUgCZW9RkUuga5lDAzknxqka\/view?usp=sharing\" target=\"_blank\" rel=\"noopener\">Desc\u00e1rgarlo <img><\/a><\/p>\n<\/section> <section id=\"carousel_eabe\">\n\u00a0\n<\/section>\n<img src=\"https:\/\/cela.com.co\/wp-content\/uploads\/2025\/06\/4-681x1024-250x375.png\" width=\"250\" height=\"375\" title=\"4\" alt=\"4\" srcset=\"https:\/\/cela.com.co\/wp-content\/uploads\/2025\/06\/4-681x1024-250x375.png 250w, https:\/\/cela.com.co\/wp-content\/uploads\/2025\/06\/4-200x300.png 200w, https:\/\/cela.com.co\/wp-content\/uploads\/2025\/06\/4-681x1024.png 681w, https:\/\/cela.com.co\/wp-content\/uploads\/2025\/06\/4-768x1155.png 768w, https:\/\/cela.com.co\/wp-content\/uploads\/2025\/06\/4.png 898w\" sizes=\"(max-width: 250px) 100vw, 250px\" \/>\n<img src=\"https:\/\/cela.com.co\/wp-content\/uploads\/2025\/06\/2-681x1024-250x375.png\" width=\"250\" height=\"375\" title=\"2\" alt=\"2\" srcset=\"https:\/\/cela.com.co\/wp-content\/uploads\/2025\/06\/2-681x1024-250x375.png 250w, https:\/\/cela.com.co\/wp-content\/uploads\/2025\/06\/2-200x300.png 200w, https:\/\/cela.com.co\/wp-content\/uploads\/2025\/06\/2-681x1024.png 681w, https:\/\/cela.com.co\/wp-content\/uploads\/2025\/06\/2-768x1155.png 768w, https:\/\/cela.com.co\/wp-content\/uploads\/2025\/06\/2.png 898w\" sizes=\"(max-width: 250px) 100vw, 250px\" \/>\n<h4>El evangelio seg\u00fan el Espiritismo<\/h4>\n<p>Este libro contiene la explicaci\u00f3n de las m\u00e1ximas morales de Cristo, su concordancia con el Espiritismo y su aplicaci\u00f3n a las diversas posiciones de la vida. \u00abLos esp\u00edritus del Se\u00f1or que son las virtudes de los cielos, se esparcen (..) vienen a iluminar el camino y a abrir los ojos a los ciegos\u00bb.<\/p> <p><a href=\"https:\/\/drive.google.com\/file\/d\/10jLMfKWSXHklT_Hq6PzbMCao6rvMCdB2\/view?usp=sharing\" target=\"_blank\" rel=\"noopener\">Desc\u00e1rgarlo <img><\/a><\/p>\n<h4>El cielo y el infierno<\/h4> <section id=\"carousel_2f47\">\n<p>Contiene una ense\u00f1anza especial de los Esp\u00edritus sobre la teor\u00eda de todos los tipos de manifestaci\u00f3n medi\u00famnicas, los medios de comunicarse con el mundo invisible, el desarrollo de la mediumnidad, las dificultades y los escollos que se pueden encontrar en la pr\u00e1ctica del Espiritismo. Este libro es la continuaci\u00f3n del \u00abLibro de los Esp\u00edritus\u00bb.<\/p> <p><a href=\"https:\/\/drive.google.com\/file\/d\/1souMTdBJ-w6zFL0RgTWQff5Nzf8RP-1c\/view?usp=sharing\" target=\"_blank\" rel=\"noopener\">Desc\u00e1rgarlo <img><\/a><\/p>\n<\/section> <section id=\"carousel_eabe\">\n\u00a0\n<\/section>\n<img src=\"https:\/\/cela.com.co\/wp-content\/uploads\/2025\/06\/3-681x1024-250x375.png\" width=\"250\" height=\"375\" title=\"3\" alt=\"3\" srcset=\"https:\/\/cela.com.co\/wp-content\/uploads\/2025\/06\/3-681x1024-250x375.png 250w, https:\/\/cela.com.co\/wp-content\/uploads\/2025\/06\/3-200x300.png 200w, https:\/\/cela.com.co\/wp-content\/uploads\/2025\/06\/3-681x1024.png 681w, https:\/\/cela.com.co\/wp-content\/uploads\/2025\/06\/3-768x1155.png 768w, https:\/\/cela.com.co\/wp-content\/uploads\/2025\/06\/3.png 898w\" sizes=\"(max-width: 250px) 100vw, 250px\" \/>\n<img src=\"https:\/\/cela.com.co\/wp-content\/uploads\/2025\/06\/5-681x1024-250x375.png\" width=\"250\" height=\"375\" title=\"5\" alt=\"5\" srcset=\"https:\/\/cela.com.co\/wp-content\/uploads\/2025\/06\/5-681x1024-250x375.png 250w, https:\/\/cela.com.co\/wp-content\/uploads\/2025\/06\/5-200x300.png 200w, https:\/\/cela.com.co\/wp-content\/uploads\/2025\/06\/5-681x1024.png 681w, https:\/\/cela.com.co\/wp-content\/uploads\/2025\/06\/5-768x1155.png 768w, https:\/\/cela.com.co\/wp-content\/uploads\/2025\/06\/5.png 898w\" sizes=\"(max-width: 250px) 100vw, 250px\" \/>\n<h4>La G\u00e9nesis<a href=\"https:\/\/drive.google.com\/file\/d\/1CYloo5wNtUgCZW9RkUuga5lDAzknxqka\/view?usp=sharing\" target=\"_blank\" rel=\"noopener\"><img><\/a><\/h4> <section id=\"carousel_eabe\">\n<p>La Doctrina Esp\u00edrita es el resultado de la ense\u00f1anza colectiva y concordante de los Esp\u00edritus. La Ciencia est\u00e1 llamada a constituir La G\u00e9nesis seg\u00fan las leyes de la materia.\u00a0Dios prueba su grandeza y su poder por la inmutabilidad de sus leyes y no por la suspensi\u00f3n de las mismas. Para Dios, el pasado y el futuro son el presente.<\/p> <p><a href=\"https:\/\/drive.google.com\/file\/d\/14bf3e8SBS7CNxlsbqLNBgIncFtY9a3CF\/view?usp=sharing\" target=\"_blank\" rel=\"noopener\">Desc\u00e1rgarlo <img><\/a><\/p>\n\u00a0\n<\/section>","_links":{"self":[{"href":"https:\/\/cela.com.co\/index.php\/wp-json\/wp\/v2\/pages\/586","targetHints":{"allow":["GET"]}}],"collection":[{"href":"https:\/\/cela.com.co\/index.php\/wp-json\/wp\/v2\/pages"}],"about":[{"href":"https:\/\/cela.com.co\/index.php\/wp-json\/wp\/v2\/types\/page"}],"author":[{"embeddable":true,"href":"https:\/\/cela.com.co\/index.php\/wp-json\/wp\/v2\/users\/1"}],"replies":[{"embeddable":true,"href":"https:\/\/cela.com.co\/index.php\/wp-json\/wp\/v2\/comments?post=586"}],"version-history":[{"count":32,"href":"https:\/\/cela.com.co\/index.php\/wp-json\/wp\/v2\/pages\/586\/revisions"}],"predecessor-version":[{"id":1385,"href":"https:\/\/cela.com.co\/index.php\/wp-json\/wp\/v2\/pages\/586\/revisions\/1385"}],"wp:attachment":[{"href":"https:\/\/cela.com.co\/index.php\/wp-json\/wp\/v2\/media?parent=586"}],"curies":[{"name":"wp","href":"https:\/\/api.w.org\/{rel}","templated":true}]}}